{"id":155,"date":"2018-01-14T20:37:32","date_gmt":"2018-01-14T19:37:32","guid":{"rendered":"http:\/\/2018.strukturpolitik.org\/?page_id=155"},"modified":"2018-01-18T16:22:38","modified_gmt":"2018-01-18T15:22:38","slug":"fr","status":"publish","type":"page","link":"https:\/\/strukturpolitik.org\/?page_id=155","title":{"rendered":"Fran\u00e7ais"},"content":{"rendered":"<h1><span id=\"result_box\" lang=\"fr\" style=\"color: #00ccff;\" xml:lang=\"fr\">notre organisation<\/span><\/h1>\n<p>La &#8222;Soci\u00e9t\u00e9 pour une\u00a0 Politique Structurelle&#8220; a \u00e9t\u00e9 fond\u00e9e en 2006 en tant que soci\u00e9t\u00e9 \u00e0 but non lucratif avec pour mission de soutenir le d\u00e9veloppement \u00e9conomique et social en Allemagne, sp\u00e9cialement dans la r\u00e9gion de la Rh\u00e9nanie-du-Nord-Westphalie (NRW), et au-del\u00e0 dans les r\u00e9gions qui font face \u00e0 des changements structurels ou un d\u00e9clin \u00e9conomique.<\/p>\n<p>Durant ces derni\u00e8res d\u00e9cennies, les villes, communaut\u00e9s et provinces de la r\u00e9gion NRW ont d\u00fb faire face \u00e0 l&#8217;important d\u00e9clin de nombreuses industries matures, telles que l&#8217;extraction de charbon, la m\u00e9tallurgie, le secteur de l&#8217;\u00e9nergie ainsi que l&#8217;industrie manufacturi\u00e8re. Ces changements \u00e9conomiques et sociaux se poursuivent dans des territoires m\u00e9tropolitains, telles que la vall\u00e9e du Rhin et celle de la Ruhr, tout comme dans les territoires ruraux. Les disparit\u00e9s inter-r\u00e9gionales restant un r\u00e9el challenge dans le pays.<\/p>\n<p>Dans le contexte de nos travaux, le d\u00e9veloppement \u00e9conomique n&#8217;est pas limit\u00e9 \u00e0 l&#8217;industrie, \u00e0 la politique du march\u00e9 du travail ou du d\u00e9veloppement du secteur des entreprises mais comprend d&#8217;autres niveaux d&#8217;int\u00e9r\u00eat, qui sont tous importants lorsque il s&#8217;agit de faire face aux enjeux d\u00e9coulant de la globalisation et du progr\u00e8s technologique, du r\u00e9chauffement climatique et de nouvelles approches pour gagner en efficience \u00e9nerg\u00e9tique, et pour cr\u00e9er de nouvelles \u00e9conomiques bas\u00e9es sur des ressources humaines qualifi\u00e9es.<\/p>\n<p>Le progr\u00e8s \u00e9conomique se doit d&#8217;\u00eatre accompagn\u00e9 d&#8217;inclusion sociale, de la participation et d&#8217;actions de\u00a0 support aupr\u00e8s de ceux qui sont affect\u00e9s, afin d&#8217;obtenir leur acceptation et afin de capitaliser sur la richesse des ressources disponibles dans le pays.<\/p>\n<p>L&#8217;int\u00e9gration europ\u00e9enne et les instruments mis en place par l&#8217;Union Europ\u00e9enne ne constituent pas que des forces de changements mais fournissent \u00e9galement une source majeure de financement, telle que la politique d&#8217;investissement issue de la &#8222;Strat\u00e9gie de l&#8217;Europe 2020&#8220;.<\/p>\n<p>Dans ce contexte, notre organisation sert de plateforme pour faciliter les \u00e9changes de connaissances entre chercheurs praticiens et parties-prenantes du d\u00e9veloppement \u00e9conomique r\u00e9gional et local. La &#8222;soci\u00e9t\u00e9 pour une\u00a0 politique structurelle&#8220; connecte des experts issus des communes, des r\u00e9gions, d&#8217;agences de d\u00e9veloppement, de responsables de fonds europ\u00e9ens, de ministres, d&#8217;entreprises et d&#8217;universit\u00e9s pour \u00e9changer et diss\u00e9miner leur exp\u00e9rience, partager leurs savoirs et leurs bonnes pratiques sur le terrain du d\u00e9veloppement \u00e9conomique et social r\u00e9gional et local, ainsi que l&#8217;impl\u00e9mentation de programmes et projets financ\u00e9s par l&#8217;Europe.<\/p>\n<p>&nbsp;<\/p>\n<p>La &#8222;soci\u00e9t\u00e9 pour une\u00a0 politique structurelle&#8220; sert de facilitateur dans le cadre de consultations entre pairs, de conf\u00e9rences, d&#8217;ateliers, de voyages de recherche et peut \u00e9galement servir de plateforme pour la mise en place de jumelages.<\/p>\n<p>Les derniers ateliers de l&#8217;organisation ont port\u00e9 sur des probl\u00e9matiques li\u00e9es<\/p>\n<ul>\n<li>au futur des fonds structurels<\/li>\n<li>\u00e0 la responsabilit\u00e9 sociale r\u00e9gionale<\/li>\n<li>au r\u00f4le de la soci\u00e9t\u00e9 civile dans le d\u00e9veloppement \u00e9conomique local et urbain<\/li>\n<li>\u00e0 l&#8217;innovation sociale<\/li>\n<li>\u00e0 la sp\u00e9cialisation intelligente<\/li>\n<\/ul>\n<p><a id=\"_GoBack\" name=\"_GoBack\"><\/a><\/p>\n<p style=\"text-align: left;\">Les excursions telles que celle \u00e0 Li\u00e8ge en ao\u00fbt 2014 ont pour but de prendre connaissance d&#8217;exp\u00e9riences locales en mati\u00e8re de strat\u00e9gies relevantes, d&#8217;initiatives, de projets et de m\u00e9thodologies impl\u00e9ment\u00e9s dans des r\u00e9gions qui font face \u00e0 des challenges similaires \u00e0 ceux de notre r\u00e9gion.<\/p>\n<p>De plus, l&#8217;initiative devra permettre de faciliter l&#8217;\u00e9change de connaissances et de capitaliser sur l&#8217;exp\u00e9rience engrang\u00e9e durant l&#8217;impl\u00e9mentation d&#8217;instruments europ\u00e9ens.<\/p>\n","protected":false},"excerpt":{"rendered":"<p>notre organisation La &#8222;Soci\u00e9t\u00e9 pour une\u00a0 Politique Structurelle&#8220; a \u00e9t\u00e9 fond\u00e9e en 2006 en tant que soci\u00e9t\u00e9 \u00e0 but non lucratif avec pour mission de soutenir le d\u00e9veloppement \u00e9conomique et social en Allemagne, sp\u00e9cialement dans la r\u00e9gion de la Rh\u00e9nanie-du-Nord-Westphalie (NRW), et au-del\u00e0 dans les r\u00e9gions qui font face \u00e0 des changements structurels ou un &hellip; <\/p>\n<p class=\"link-more\"><a href=\"https:\/\/strukturpolitik.org\/?page_id=155\" class=\"more-link\"><span class=\"screen-reader-text\">\u201eFran\u00e7ais\u201c <\/span>weiterlesen<\/a><\/p>\n","protected":false},"author":1,"featured_media":0,"parent":0,"menu_order":0,"comment_status":"closed","ping_status":"closed","template":"","meta":{"jetpack_post_was_ever_published":false,"footnotes":""},"class_list":["post-155","page","type-page","status-publish","hentry"],"jetpack_shortlink":"https:\/\/wp.me\/P9D9ML-2v","jetpack_sharing_enabled":true,"_links":{"self":[{"href":"https:\/\/strukturpolitik.org\/index.php?rest_route=\/wp\/v2\/pages\/155","targetHints":{"allow":["GET"]}}],"collection":[{"href":"https:\/\/strukturpolitik.org\/index.php?rest_route=\/wp\/v2\/pages"}],"about":[{"href":"https:\/\/strukturpolitik.org\/index.php?rest_route=\/wp\/v2\/types\/page"}],"author":[{"embeddable":true,"href":"https:\/\/strukturpolitik.org\/index.php?rest_route=\/wp\/v2\/users\/1"}],"replies":[{"embeddable":true,"href":"https:\/\/strukturpolitik.org\/index.php?rest_route=%2Fwp%2Fv2%2Fcomments&post=155"}],"version-history":[{"count":5,"href":"https:\/\/strukturpolitik.org\/index.php?rest_route=\/wp\/v2\/pages\/155\/revisions"}],"predecessor-version":[{"id":409,"href":"https:\/\/strukturpolitik.org\/index.php?rest_route=\/wp\/v2\/pages\/155\/revisions\/409"}],"wp:attachment":[{"href":"https:\/\/strukturpolitik.org\/index.php?rest_route=%2Fwp%2Fv2%2Fmedia&parent=155"}],"curies":[{"name":"wp","href":"https:\/\/api.w.org\/{rel}","templated":true}]}}